{"id":6044,"date":"2022-11-06T14:50:55","date_gmt":"2022-11-06T13:50:55","guid":{"rendered":"https:\/\/choinkaonline.pl\/gdansk\/?page_id=6044"},"modified":"2024-11-11T19:02:35","modified_gmt":"2024-11-11T18:02:35","slug":"polityka-prywatnosci","status":"publish","type":"page","link":"https:\/\/choinkaonline.pl\/gdansk\/polityka-prywatnosci\/","title":{"rendered":"Polityka prywatno\u015bci"},"content":{"rendered":"\t\t<div data-elementor-type=\"wp-page\" data-elementor-id=\"6044\" class=\"elementor elementor-6044\" data-elementor-post-type=\"page\">\n\t\t\t\t\t\t<section class=\"elementor-section elementor-top-section elementor-element elementor-element-23d61bd elementor-section-boxed elementor-section-height-default elementor-section-height-default\" data-id=\"23d61bd\" data-element_type=\"section\" data-settings=\"{&quot;jet_parallax_layout_list&quot;:[{&quot;jet_parallax_layout_image&quot;:{&quot;url&quot;:&quot;&quot;,&quot;id&quot;:&quot;&quot;,&quot;size&quot;:&quot;&quot;},&quot;_id&quot;:&quot;5281f96&quot;,&quot;jet_parallax_layout_image_tablet&quot;:{&quot;url&quot;:&quot;&quot;,&quot;id&quot;:&quot;&quot;,&quot;size&quot;:&quot;&quot;},&quot;jet_parallax_layout_image_mobile&quot;:{&quot;url&quot;:&quot;&quot;,&quot;id&quot;:&quot;&quot;,&quot;size&quot;:&quot;&quot;},&quot;jet_parallax_layout_speed&quot;:{&quot;unit&quot;:&quot;%&quot;,&quot;size&quot;:50,&quot;sizes&quot;:[]},&quot;jet_parallax_layout_type&quot;:&quot;scroll&quot;,&quot;jet_parallax_layout_direction&quot;:&quot;1&quot;,&quot;jet_parallax_layout_fx_direction&quot;:null,&quot;jet_parallax_layout_z_index&quot;:&quot;&quot;,&quot;jet_parallax_layout_bg_x&quot;:50,&quot;jet_parallax_layout_bg_x_tablet&quot;:&quot;&quot;,&quot;jet_parallax_layout_bg_x_mobile&quot;:&quot;&quot;,&quot;jet_parallax_layout_bg_y&quot;:50,&quot;jet_parallax_layout_bg_y_tablet&quot;:&quot;&quot;,&quot;jet_parallax_layout_bg_y_mobile&quot;:&quot;&quot;,&quot;jet_parallax_layout_bg_size&quot;:&quot;auto&quot;,&quot;jet_parallax_layout_bg_size_tablet&quot;:&quot;&quot;,&quot;jet_parallax_layout_bg_size_mobile&quot;:&quot;&quot;,&quot;jet_parallax_layout_animation_prop&quot;:&quot;transform&quot;,&quot;jet_parallax_layout_on&quot;:[&quot;desktop&quot;,&quot;tablet&quot;]}]}\">\n\t\t\t\t\t\t<div class=\"elementor-container elementor-column-gap-no\">\n\t\t\t\t\t<div class=\"elementor-column elementor-col-100 elementor-top-column elementor-element elementor-element-860dce1\" data-id=\"860dce1\" data-element_type=\"column\">\n\t\t\t<div class=\"elementor-widget-wrap elementor-element-populated\">\n\t\t\t\t\t\t<section class=\"elementor-section elementor-inner-section elementor-element elementor-element-bab1e23 elementor-section-boxed elementor-section-height-default elementor-section-height-default\" data-id=\"bab1e23\" data-element_type=\"section\" data-settings=\"{&quot;jet_parallax_layout_list&quot;:[{&quot;jet_parallax_layout_image&quot;:{&quot;url&quot;:&quot;&quot;,&quot;id&quot;:&quot;&quot;,&quot;size&quot;:&quot;&quot;},&quot;_id&quot;:&quot;5337234&quot;,&quot;jet_parallax_layout_image_tablet&quot;:{&quot;url&quot;:&quot;&quot;,&quot;id&quot;:&quot;&quot;,&quot;size&quot;:&quot;&quot;},&quot;jet_parallax_layout_image_mobile&quot;:{&quot;url&quot;:&quot;&quot;,&quot;id&quot;:&quot;&quot;,&quot;size&quot;:&quot;&quot;},&quot;jet_parallax_layout_speed&quot;:{&quot;unit&quot;:&quot;%&quot;,&quot;size&quot;:50,&quot;sizes&quot;:[]},&quot;jet_parallax_layout_type&quot;:&quot;scroll&quot;,&quot;jet_parallax_layout_direction&quot;:&quot;1&quot;,&quot;jet_parallax_layout_fx_direction&quot;:null,&quot;jet_parallax_layout_z_index&quot;:&quot;&quot;,&quot;jet_parallax_layout_bg_x&quot;:50,&quot;jet_parallax_layout_bg_x_tablet&quot;:&quot;&quot;,&quot;jet_parallax_layout_bg_x_mobile&quot;:&quot;&quot;,&quot;jet_parallax_layout_bg_y&quot;:50,&quot;jet_parallax_layout_bg_y_tablet&quot;:&quot;&quot;,&quot;jet_parallax_layout_bg_y_mobile&quot;:&quot;&quot;,&quot;jet_parallax_layout_bg_size&quot;:&quot;auto&quot;,&quot;jet_parallax_layout_bg_size_tablet&quot;:&quot;&quot;,&quot;jet_parallax_layout_bg_size_mobile&quot;:&quot;&quot;,&quot;jet_parallax_layout_animation_prop&quot;:&quot;transform&quot;,&quot;jet_parallax_layout_on&quot;:[&quot;desktop&quot;,&quot;tablet&quot;]}]}\">\n\t\t\t\t\t\t<div class=\"elementor-container elementor-column-gap-no\">\n\t\t\t\t\t<div class=\"elementor-column elementor-col-33 elementor-inner-column elementor-element elementor-element-ca15bde\" data-id=\"ca15bde\" data-element_type=\"column\">\n\t\t\t<div class=\"elementor-widget-wrap elementor-element-populated\">\n\t\t\t\t\t\t<div class=\"elementor-element elementor-element-50ab564 elementor-widget elementor-widget-heading\" data-id=\"50ab564\" data-element_type=\"widget\" data-widget_type=\"heading.default\">\n\t\t\t\t<div class=\"elementor-widget-container\">\n\t\t\t\t\t<h1 class=\"elementor-heading-title elementor-size-default\">POLITYKA PRYWATNO\u015aCI <\/h1>\t\t\t\t<\/div>\n\t\t\t\t<\/div>\n\t\t\t\t\t<\/div>\n\t\t<\/div>\n\t\t\t\t<div class=\"elementor-column elementor-col-66 elementor-inner-column elementor-element elementor-element-6e150be elementor-hidden-tablet elementor-hidden-mobile\" data-id=\"6e150be\" data-element_type=\"column\">\n\t\t\t<div class=\"elementor-widget-wrap\">\n\t\t\t\t\t\t\t<\/div>\n\t\t<\/div>\n\t\t\t\t\t<\/div>\n\t\t<\/section>\n\t\t\t\t<div class=\"elementor-element elementor-element-1ead2db elementor-widget elementor-widget-text-editor\" data-id=\"1ead2db\" data-element_type=\"widget\" data-widget_type=\"text-editor.default\">\n\t\t\t\t<div class=\"elementor-widget-container\">\n\t\t\t\t\t\t\t\t\t<header>\n<h1><strong style=\"font-size: 16px;\">Polityka prywatno\u015bci www.choinkaonline.pl z dnia 1 grudnia 2020 r.&nbsp;<\/strong><\/h1>\n<\/header>\n<div>\n<p><span style=\"font-style: inherit; background-color: var(--ast-global-color-4);\">Poni\u017cej przedstawiamy informacje dotycz\u0105ce przetwarzania Pa\u0144stwa danych osobowych w zwi\u0105zku z korzystaniem z naszego sklepu internetowego na stronie www.choinkaonline.pl (\u201eSklep\u201d) i sk\u0142adaniem zam\u00f3wie\u0144 za po\u015brednictwem Sklepu. Zgodnie z obowi\u0105zuj\u0105cymi przepisami dbamy o bezpiecze\u0144stwo Pa\u0144stwa danych osobowych. Wykorzystujemy te dane wy\u0142\u0105cznie z prawnie uzasadnionych celach, kt\u00f3re okre\u015blono w niniejszej polityce prywatno\u015bci (\u201ePolityka prywatno\u015bci\u201d). W dokumencie t\u0142umaczymy, w jaki spos\u00f3b Pa\u0144stwa dane s\u0105 przez nas gromadzone, wykorzystywane, przekazywane i ujawniane.&nbsp;<\/span><\/p>\n<p><span style=\"font-style: inherit; background-color: var(--ast-global-color-4);\">Polityka prywatno\u015bci zosta\u0142a podzielona na nast\u0119puj\u0105ce sekcje:&nbsp;<\/span><\/p>\n<ol>\n<li><span style=\"font-style: inherit; background-color: var(--ast-global-color-4);\">ADMINISTRATOR DANYCH OSOBOWYCH&nbsp;<\/span><\/li>\n<li><span style=\"font-style: inherit; background-color: var(--ast-global-color-4);\">SPOS\u00d3B OCHRONY DANYCH OSOBOWYCH <\/span><\/li>\n<li><span style=\"font-style: inherit; background-color: var(--ast-global-color-4);\">RODZAJE DANYCH OSOBOWYCH PODLEGAJ\u0104CYCH PRZETWARZANIU,&nbsp;<\/span><span style=\"font-style: inherit; background-color: var(--ast-global-color-4);\">CELE PRZETWARZANIA I ICH PODSTAWA PRAWNA<\/span><\/li>\n<li><span style=\"font-style: inherit; background-color: var(--ast-global-color-4);\">PROFILOWANIE <\/span><\/li>\n<li><span style=\"font-style: inherit; background-color: var(--ast-global-color-4);\">OKRES PRZECHOWYWANIA DANYCH OSOBOWYCH <\/span><\/li>\n<li><span style=\"font-style: inherit; background-color: var(--ast-global-color-4);\">GRUPY ODBIORC\u00d3W DANYCH OSOBOWYCH <\/span><\/li>\n<li><span style=\"font-style: inherit; background-color: var(--ast-global-color-4);\">PRZEKAZYWANIE DANYCH OSOBOWYCH ODBIORCOM Z PA\u0143STW TRZECICH <\/span><\/li>\n<li><span style=\"font-style: inherit; background-color: var(--ast-global-color-4);\">PA\u0143STWA PRAWA <\/span><\/li>\n<li><span style=\"font-style: inherit; background-color: var(--ast-global-color-4);\">ODMOWA PODANIA DANYCH OSOBOWYCH <\/span><\/li>\n<li><span style=\"font-style: inherit; background-color: var(--ast-global-color-4);\">STOSOWANE TECHNOLOGIE, PLIKI COOKIES <\/span><\/li>\n<li><span style=\"font-style: inherit; background-color: var(--ast-global-color-4);\">ZMIANY POLITYKI PRYWATNO\u015aCI <\/span><\/li>\n<li><span style=\"font-style: inherit; background-color: var(--ast-global-color-4);\">DANE KONTAKTOWE&nbsp;<\/span><\/li>\n<\/ol>\n<p><span style=\"font-style: inherit; background-color: var(--ast-global-color-4);\">Niniejsza Polityka prywatno\u015bci jest integraln\u0105 cz\u0119\u015bci\u0105 Regulaminu sklepu internetowego choinkaonline.pl dost\u0119pnego na stronie internetowej&nbsp;<\/span>Regulaminu<span style=\"font-style: inherit; background-color: var(--ast-global-color-4);\">. Wszystkie s\u0142owa pisane od wielkiej litery w niniejszej Polityce prywatno\u015bci nale\u017cy rozumie\u0107 zgodnie z ich znaczeniem okre\u015blonym w Regulaminie.<br><\/span><\/p>\n<p><span style=\"font-style: inherit; background-color: var(--ast-global-color-4);\">&nbsp;<\/span><\/p>\n<p><span style=\"background-color: var(--ast-global-color-4);\"><span style=\"font-size: 13px;\"><b>I. ADMINISTRATOR DANYCH OSOBOWYCH&nbsp;<\/b><\/span><\/span><\/p>\n<p><span style=\"background-color: var(--ast-global-color-4);\"><span style=\"font-size: 13px;\">Administratorem danych osobowych zbieranych za po\u015brednictwem sklepu internetowego www.choinkaonline.pl jest Micha\u0142 Owsianowski prowadz\u0105cy dzia\u0142alno\u015b\u0107 gospodarcz\u0105 pod firm\u0105 KO-MEDIA Micha\u0142 Owsianowski, wpisany do Centralnej Ewidencji i Informacji o Dzia\u0142alno\u015bci Gospodarczej (CEIDG) prowadzonej przez ministra w\u0142a\u015bciwego do spraw gospodarki, NIP: 8513053709, REGON: 321011073, adres: ul. Andyjska 14, 71-497 Szczecin, adres e-mail:&nbsp; kontakt@choinkaonline.pl, numer&nbsp; telefonu&nbsp; +48 609 591 133&nbsp; (w dalszej cz\u0119\u015bci \u201eAdministrator\u201d).&nbsp;<\/span><\/span><\/p>\n<p><span style=\"background-color: var(--ast-global-color-4);\"><span style=\"font-size: 13px;\">&nbsp;<\/span><\/span><\/p>\n<p><span style=\"font-style: inherit; background-color: var(--ast-global-color-4);\"><span style=\"background-color: var(--ast-global-color-4); font-style: inherit;\"><b>II.&nbsp;&nbsp;<\/b><\/span><span style=\"font-weight: bold; background-color: var(--ast-global-color-4); font-style: inherit;\">SPOS\u00d3B OCHRONY DANYCH OSOBOWYCH<\/span><span style=\"font-weight: bold; background-color: var(--ast-global-color-4); font-style: inherit;\">&nbsp;<\/span><\/span><\/p>\n<p><span style=\"background-color: var(--ast-global-color-4); font-style: inherit; font-weight: inherit;\">Bardzo wa\u017cna jest dla nas ochrona Pa\u0144stwa danych osobowych dlatego podejmujemy szereg dzia\u0142a\u0144 w celu jej zapewnienia. W szczeg\u00f3lno\u015bci dbamy, aby dane by\u0142y:&nbsp;<\/span><\/p>\n<ol>\n<li><span style=\"background-color: var(--ast-global-color-4); font-style: inherit; font-weight: inherit;\">przetwarzane zgodnie z obowi\u0105zuj\u0105cym prawem, w spos\u00f3b rzetelny i przejrzysty dla naszych Klient\u00f3w;&nbsp;<\/span><\/li>\n<li><span style=\"background-color: var(--ast-global-color-4); font-style: inherit; font-weight: inherit;\">prawid\u0142owe i w razie potrzeby uaktualniane;&nbsp;<\/span><\/li>\n<li><span style=\"background-color: var(--ast-global-color-4); font-style: inherit; font-weight: inherit;\">adekwatne, stosowne oraz ograniczone do tego, co niezb\u0119dne do cel\u00f3w, w kt\u00f3rych s\u0105 przetwarzane;&nbsp;<\/span><\/li>\n<li><span style=\"background-color: var(--ast-global-color-4); font-style: inherit; font-weight: inherit;\">zbierane w konkretnych, wyra\u017anych i prawnie uzasadnionych celach i nieprzetwarzane dalej w spos\u00f3b niezgodny z tymi celami;&nbsp;<\/span><\/li>\n<li><span style=\"background-color: var(--ast-global-color-4); font-style: inherit; font-weight: inherit;\">przechowywane w formie umo\u017cliwiaj\u0105cej identyfikacj\u0119 naszych Klient\u00f3w, przez okres nie d\u0142u\u017cszy, ni\u017c jest to niezb\u0119dne do cel\u00f3w, w kt\u00f3rych dane te s\u0105 przetwarzane;&nbsp;<\/span><\/li>\n<li><span style=\"background-color: var(--ast-global-color-4); font-style: inherit; font-weight: inherit;\">przetwarzane w spos\u00f3b zapewniaj\u0105cy odpowiednie bezpiecze\u0144stwo danych osobowych, w\u0142\u0105cznie z ochron\u0105 przed niedozwolonym lub niezgodnym z prawem przetwarzaniem oraz przypadkow\u0105 utrat\u0105, zniszczeniem lub uszkodzeniem, za pomoc\u0105 odpowiednich \u015brodk\u00f3w technicznych lub organizacyjnych.<\/span><\/li>\n<\/ol>\n<div>&nbsp;<\/div>\n<div><span style=\"font-size: 13px;\"><b>III. RODZAJE DANYCH OSOBOWYCH PODLEGAJ\u0104CYCH PRZETWARZANIU, CELE PRZETWARZANIA I ICH PODSTAWA PRAWNA<\/b><\/span><\/div>\n<div><span style=\"font-size: 13px;\">&nbsp;<\/span><\/div>\n<div><span style=\"font-size: 13px;\">Pa\u0144stwa dane osobowe s\u0105 przetwarzane zgodnie z obowi\u0105zuj\u0105cymi przepisami reguluj\u0105cymi t\u0119 materi\u0119, w szczeg\u00f3lno\u015bci z rozporz\u0105dzeniem (UE) 2016\/679 Parlamentu Europejskiego i Rady z dnia 27 kwietnia 2016 r. w sprawie ochrony os\u00f3b fizycznych w zwi\u0105zku z przetwarzaniem danych osobowych i w sprawie swobodnego przep\u0142ywu takich danych oraz uchylenia dyrektywy 95\/46\/WE (og\u00f3lne rozporz\u0105dzenie o ochronie danych) (Dziennik Urz\u0119dowy Unii Europejskiej nr 119, s. 1), w dalszej cz\u0119\u015bci zwanym \u201eRODO\u201d oraz ustaw\u0105 z dnia 10 maja 2018 r. o ochronie danych osobowych (tekst jedn. Dz. U. z 2019 r. poz. 1781).&nbsp;<\/span><\/div>\n<div><span style=\"font-size: 13px;\">&nbsp;<\/span><\/div>\n<div><span style=\"font-size: 13px;\">Pa\u0144stwa dane osobowe b\u0119d\u0105 przetwarzane w nast\u0119puj\u0105cych celach:&nbsp;<\/span><\/div>\n<div><span style=\"font-size: 13px;\"><br><\/span><\/div>\n<div><span style=\"font-size: 13px;\">1. wykonanie umowy i podj\u0119cie dzia\u0142a\u0144 na Pa\u0144stwa \u017c\u0105danie przed zawarciem umowy, w tym: p\u0142atno\u015b\u0107, dostawa, zwroty, roszczenia z tytu\u0142u r\u0119kojmi<\/span><\/div>\n<div><span style=\"font-size: 13px;\">a) podstawa prawna: art. 6 ust. 1 lit. b) RODO (wykonanie umowy),&nbsp;<\/span><\/div>\n<div><span style=\"font-size: 13px;\">b) dane osobowe podlegaj\u0105ce przetwarzaniu: imi\u0119, nazwisko, adres, adres dostawy, adres e-mail, numer telefonu, informacje o p\u0142atno\u015bci, szczeg\u00f3\u0142y zam\u00f3wienia;&nbsp;<\/span><\/div>\n<div><span style=\"font-size: 13px;\"><br><\/span><\/div>\n<div><span style=\"background-color: var(--ast-global-color-4);\">2. udzielanie odpowiedzi na przes\u0142ane przez Klienta pytania za po\u015brednictwem poczty elektronicznej&nbsp;<\/span><\/div>\n<div><span style=\"background-color: var(--ast-global-color-4);\">a) podstawa prawna: art. 6 ust. 1 lit. f) RODO (prawnie uzasadnione interesy realizowane przez Administratora \u2013 prowadzenie i rozw\u00f3j dzia\u0142alno\u015bci gospodarczej, dbanie o relacje z Klientem),&nbsp;<\/span><\/div>\n<div><span style=\"background-color: var(--ast-global-color-4);\">b) dane osobowe podlegaj\u0105ce przetwarzaniu: imi\u0119 i nazwisko, adres e-mail;&nbsp;<\/span><\/div>\n<div><span style=\"font-size: 13px;\">&nbsp;<\/span><\/div>\n<div><span style=\"font-size: 13px;\">3. Newsletter<\/span><\/div>\n<div><span style=\"font-size: 13px;\">a) podstawa prawna: art. 6 ust. 1 lit. a) RODO (zgoda),&nbsp;<\/span><\/div>\n<div><span style=\"font-size: 13px;\">b) dane osobowe podlegaj\u0105ce przetwarzaniu: imi\u0119, nazwisko, adres e-mail;&nbsp;<\/span><\/div>\n<div><span style=\"font-size: 13px;\"><br><\/span><\/div>\n<div><span style=\"font-size: 13px;\">4. marketing bezpo\u015bredni \u2013 mo\u017cemy poleca\u0107 Pa\u0144stwu swoje produkty za po\u015brednictwem poczty elektronicznej lub wiadomo\u015bci tekstowych oraz informowa\u0107 o zni\u017ckach, ofertach i promocjach, kt\u00f3re mog\u0105 by\u0107 dla Pa\u0144stwa interesuj\u0105ce.&nbsp;<\/span><span style=\"font-size: 1rem; background-color: var(--ast-global-color-4);\">Wiemy, \u017ce nikt nie lubi otrzymywa\u0107 spamu, dlatego obiecujemy przesy\u0142a\u0107 Pa\u0144stwu tylko starannie przygotowane wiadomo\u015bci&nbsp;<\/span><\/div>\n<div><span style=\"font-size: 1rem; background-color: var(--ast-global-color-4);\">a) podstawa prawna: Artyku\u0142 6 ust. 1 lit. f) RODO (prawnie uzasadnione interesy realizowane przez Administratora \u2013 prowadzenie i rozw\u00f3j dzia\u0142alno\u015bci gospodarczej),&nbsp;<\/span><\/div>\n<div><span style=\"font-size: 1rem; background-color: var(--ast-global-color-4);\">b) dane osobowe podlegaj\u0105ce przetwarzaniu: imi\u0119, nazwisko, adres e-mail, numer telefonu, produkty i oferty, kt\u00f3re zosta\u0142y klikni\u0119te;&nbsp;<\/span><\/div>\n<div><span style=\"font-size: 1rem; background-color: var(--ast-global-color-4);\"><br><\/span><\/div>\n<div><span style=\"font-size: 1rem; background-color: var(--ast-global-color-4);\">5. administracja, rozw\u00f3j, ochrona naszej dzia\u0142alno\u015bci oraz doskonalenie naszych us\u0142ug i produkt\u00f3w&nbsp;<\/span><\/div>\n<div><span style=\"font-size: 1rem; background-color: var(--ast-global-color-4);\">a) podstawa prawna: art. 6 ust. 1 lit. f) RODO (prawnie uzasadnione interesy realizowane przez Administratora \u2013 prowadzenie i rozw\u00f3j dzia\u0142alno\u015bci gospodarczej, ulepszanie produkt\u00f3w),<\/span><\/div>\n<div><span style=\"font-size: 1rem; background-color: var(--ast-global-color-4);\">b) dane osobowe podlegaj\u0105ce przetwarzaniu: historia zam\u00f3wie\u0144, informacje o dostawie, szczeg\u00f3\u0142y p\u0142atno\u015bci, historia klikni\u0119\u0107 i przegl\u0105dania (w zwi\u0105zku z plikami cookie);&nbsp;<\/span><\/div>\n<div><span style=\"font-size: 1rem; background-color: var(--ast-global-color-4);\"><br><\/span><\/div>\n<div><span style=\"font-size: 1rem; background-color: var(--ast-global-color-4);\">6. analiza Pa\u0144stwa aktywno\u015bci na naszej stronie internetowej w celu udoskonalania naszej strony internetowej, produkt\u00f3w i relacji z Klientami oraz wy\u015bwietlania reklam naszych produkt\u00f3w i dostosowania ich zawarto\u015bci do preferencji Klient\u00f3w; wszystkie dane wykorzystywane do tych cel\u00f3w podlegaj\u0105 pseudonimizacji&nbsp;<\/span><\/div>\n<div><span style=\"font-size: 1rem; background-color: var(--ast-global-color-4);\">a) podstawa prawna: Artyku\u0142 6 ust. 1 lit. f) RODO (prawnie uzasadnione interesy realizowane przez Administratora \u2013 prowadzenie i rozw\u00f3j dzia\u0142alno\u015bci gospodarczej, udoskonalanie naszych produkt\u00f3w i strony internetowej),&nbsp;<\/span><\/div>\n<div><span style=\"font-size: 1rem; background-color: var(--ast-global-color-4);\">b) dane osobowe podlegaj\u0105ce przetwarzaniu: szczeg\u00f3\u0142y dotycz\u0105ce Pa\u0144stwa urz\u0105dzenia, adres IP, typ i wersja przegl\u0105darki, lokalizacja, system operacyjny, informacje o Pa\u0144stwa aktywno\u015bci w naszym Sklepie, takie jak spos\u00f3b korzystania z niego, wyszukiwane produkty;&nbsp;<\/span><\/div>\n<div><span style=\"font-size: 1rem; background-color: var(--ast-global-color-4);\"><br><\/span><\/div>\n<div><span style=\"font-size: 1rem; background-color: var(--ast-global-color-4);\">7. wype\u0142nianie obowi\u0105zk\u00f3w prawnych wynikaj\u0105cych z przepis\u00f3w, na przyk\u0142ad obowi\u0105zk\u00f3w podatkowych i ksi\u0119gowych<\/span><\/div>\n<div><span style=\"font-size: 1rem; background-color: var(--ast-global-color-4);\">a) podstawa prawna: art. 6 ust. 1 lit. c) RODO (wype\u0142nianie obowi\u0105zku prawnego),&nbsp;<\/span><\/div>\n<div><span style=\"font-size: 1rem; background-color: var(--ast-global-color-4);\">b) dane osobowe podlegaj\u0105ce przetwarzaniu: imi\u0119, nazwisko, adres, informacje o p\u0142atno\u015bci i szczeg\u00f3\u0142y zam\u00f3wienia,<\/span><\/div>\n<div><span style=\"font-size: 1rem; background-color: var(--ast-global-color-4);\"><br><\/span><\/div>\n<div><span style=\"font-size: 1rem; background-color: var(--ast-global-color-4);\">8. dochodzenie roszcze\u0144 i obrona przed roszczeniami<\/span><\/div>\n<div><span style=\"font-size: 1rem; background-color: var(--ast-global-color-4);\">a) podstawa prawna: Artyku\u0142 6 ust. 1 lit. f) RODO (prawnie uzasadnione interesy realizowane przez Administratora \u2013 obrona interes\u00f3w Administratora),&nbsp;<\/span><\/div>\n<div><span style=\"font-size: 1rem; background-color: var(--ast-global-color-4);\">b) dane osobowe podlegaj\u0105ce przetwarzaniu: imi\u0119, nazwisko, adres, informacje o p\u0142atno\u015bci, szczeg\u00f3\u0142y zam\u00f3wienia.&nbsp;<\/span><\/div>\n<div><span style=\"font-size: 13px;\">&nbsp;<\/span><\/div><div><span style=\"font-size: 13px;\"><br><\/span><\/div>\n<div><span style=\"font-size: 13px;\"><b>IV. PROFILOWANIE&nbsp;<\/b><\/span><\/div>\n<div><span style=\"font-size: 13px;\"><b>&nbsp;<\/b><\/span><\/div>\n<div><span style=\"font-size: 13px;\">Na stronie www.choinkaonline.pl mo\u017cemy stosowa\u0107 profilowanie, kt\u00f3re polega na zautomatyzowanym przetwarzaniu danych osobowych w celu oceny pewnych aspekt\u00f3w dotycz\u0105cych naszych Klient\u00f3w. Mo\u017cemy stosowa\u0107 profilowanie do cel\u00f3w marketingowych. Dzi\u0119ki temu mo\u017cemy pozna\u0107 Pa\u0144stwa preferencje dotycz\u0105ce naszych produkt\u00f3w i m\u00f3c stale dostosowywa\u0107 nasz\u0105 ofert\u0119 do Pa\u0144stwa potrzeb. Nie wywo\u0142uje to \u017cadnych skutk\u00f3w prawnych w stosunku do Pa\u0144stwa jak r\u00f3wnie\u017c nie wp\u0142ywa na Pa\u0144stwa sytuacj\u0119. W naszym sklepie nie s\u0105 stosowane \u017cadne inne zautomatyzowane decyzje indywidualne. Podejmowanie decyzji w oparciu o profilowanie jest dozwolone, gdy dana osoba udzieli\u0142a wyra\u017anej zgody (kt\u00f3ra mo\u017ce zosta\u0107 wycofana w dowolnym momencie), jest dopuszczone prawem lub konieczne do zawarcia lub wykonania umowy.&nbsp;<\/span><\/div>\n<div><span style=\"font-size: 13px;\">&nbsp;<\/span><\/div><div><span style=\"font-size: 13px;\"><br><\/span><\/div>\n<div><span style=\"font-size: 13px;\"><b>V. OKRES PRZECHOWYWANIA DANYCH OSOBOWYCH&nbsp;<\/b><\/span><\/div>\n<div><span style=\"font-size: 13px;\"><b>&nbsp;<\/b><\/span><\/div>\n<div>\n<p><span style=\"font-size: 13px;\">Pa\u0144stwa dane osobowe b\u0119d\u0105 przechowywane przez Administratora tylko przez okre\u015blony czas i jedynie w zakresie, w jakim jest to konieczne do cel\u00f3w, dla kt\u00f3rych zosta\u0142y zebrane.&nbsp;<\/span><\/p>\n<p><span style=\"font-style: inherit; font-weight: inherit; background-color: var(--ast-global-color-4);\">Dane osobowe przetwarzane w celu zawarcia i wykonania umowy b\u0119d\u0105 przechowywane tak d\u0142ugo, jak d\u0142ugo obowi\u0105zuje ta umowa, a po jej wyga\u015bni\u0119ciu przez okres niezb\u0119dny do zabezpieczenia lub dochodzenia roszcze\u0144 oraz do wype\u0142nienia wszelkich obowi\u0105zk\u00f3w prawnych (np. wynikaj\u0105cych z przepis\u00f3w prawa podatkowego).&nbsp;<\/span><\/p>\n<p><span style=\"font-style: inherit; font-weight: inherit; background-color: var(--ast-global-color-4);\">Dane osobowe przetwarzane w celu wype\u0142nienia naszych obowi\u0105zk\u00f3w prawnych lub realizacji naszych uzasadnionych interes\u00f3w b\u0119d\u0105 przechowywane tak d\u0142ugo, jak d\u0142ugo prawo zobowi\u0105zuje nas do ich przetwarzania.&nbsp;<\/span><\/p>\n<p><span style=\"font-style: inherit; font-weight: inherit; background-color: var(--ast-global-color-4);\">Je\u017celi przetwarzanie Pa\u0144stwa danych osobowych odbywa si\u0119 na podstawie Pa\u0144stwa zgody, mog\u0105 one by\u0107 przechowywane do czasu wycofania zgody lub sprzeciwu wobec przetwarzania lub do czasu, gdy nie b\u0119d\u0105 ju\u017c potrzebne do realizacji celu, na kt\u00f3ry udzielono zgody. Po tym okresie Pa\u0144stwa dane b\u0119d\u0105 przechowywane do momentu up\u0142ywu terminu przedawnienia dla ewentualnych roszcze\u0144.<\/span><\/p>\n<p><span style=\"font-style: inherit; font-weight: inherit; background-color: var(--ast-global-color-4);\"><br><\/span><\/p>\n<p><\/p>\n<\/div>\n<div><span style=\"font-size: 13px;\"><b>VI. GRUPY ODBIORC\u00d3W DANYCH OSOBOWYCH&nbsp;<\/b><\/span><\/div>\n<div><span style=\"font-size: 13px;\"><b><br><\/b><\/span><\/div>\n<div><span style=\"font-size: 13px;\">Odpowiedzialne prowadzenie naszego sklepu mo\u017ce si\u0119 odbywa\u0107 jedynie z poszanowaniem Pa\u0144stwa prywatno\u015bci. Nie sprzedajemy \u017cadnych Pa\u0144stwa danych osobowych jakimkolwiek osobom trzecim. Jednak\u017ce, w celu dostarczenia Pa\u0144stwu naszych produkt\u00f3w i us\u0142ug oraz prowadzenia naszej dzia\u0142alno\u015bci, mo\u017cemy ujawni\u0107 i udost\u0119pni\u0107 Pa\u0144stwa dane nast\u0119puj\u0105cym grupom odbiorc\u00f3w:&nbsp;<\/span><\/div>\n<div><span style=\"font-size: 13px;\"><br><\/span><\/div>\n<div><span style=\"font-size: 13px;\">1. partnerom biznesowym, z kt\u00f3rymi wsp\u00f3\u0142pracujemy przy prowadzeniu Sklepu takim jak: dostawcy us\u0142ug technicznych, kt\u00f3rym powierzamy dostarczanie system\u00f3w informatycznych, oprogramowania i hosting naszej strony internetowej; firmy, kt\u00f3re umo\u017cliwiaj\u0105 realizacj\u0119 Pa\u0144stwa zam\u00f3wienia, takie jak: dostawcy us\u0142ug p\u0142atniczych online, firmy kurierskie, magazyny; bank prowadz\u0105cy nasz rachunek bankowy; firmy \u015bwiadcz\u0105ce us\u0142ugi w zakresie komunikacji marketingowej i reklamy; firmy \u015bwiadcz\u0105ce w naszym imieniu us\u0142ugi w zakresie wysy\u0142ania e-maili, wiadomo\u015bci tekstowych i przesy\u0142ek pocztowych,&nbsp;<\/span><\/div>\n<div><span style=\"background-color: var(--ast-global-color-4);\">2. n<\/span><span style=\"font-size: 1rem; background-color: var(--ast-global-color-4);\">aszym doradcom, w tym prawnikom, ksi\u0119gowym, kt\u00f3rzy \u015bwiadcz\u0105 na nasz\u0105 rzecz profesjonalne us\u0142ugi,&nbsp;<\/span><\/div>\n<div><span style=\"font-size: 1rem; background-color: var(--ast-global-color-4);\">3. organom w\u0142adzy, je\u017celi jeste\u015bmy zobowi\u0105zani do ujawnienia Pa\u0144stwa danych osobowych w celu zachowania zgodno\u015bci z wszelkimi przepisami prawa,<\/span><\/div>\n<div><span style=\"font-size: 1rem; background-color: var(--ast-global-color-4);\"><br><\/span><\/div>\n<div><span style=\"font-size: 1rem; background-color: var(--ast-global-color-4);\">Zwracamy uwag\u0119, \u017ce wiele z tych podmiot\u00f3w otrzymuj\u0105cych dane ma niezale\u017cne prawo lub obowi\u0105zek przetwarzania Pa\u0144stwa danych osobowych. Dlatego te\u017c zalecamy zapoznanie si\u0119 z politykami prywatno\u015bci tych podmiot\u00f3w.<\/span><\/div>\n<div><span style=\"font-size: 13px;\">&nbsp;<\/span><\/div><div><span style=\"font-size: 13px;\"><br><\/span><\/div>\n<div><span style=\"font-size: 13px;\"><b>VII. PRZEKAZYWANIE DANYCH OSOBOWYCH ODBIORCOM Z PA\u0143STW TRZECICH&nbsp;<\/b><\/span><\/div>\n<div><span style=\"font-size: 13px;\"><b><br><\/b><\/span><\/div>\n<div><span style=\"font-size: 13px;\">Gromadzone przez nas dane osobowe mog\u0105 by\u0107 przekazywane i przechowywane w krajach spoza Europejskiego Obszaru Gospodarczego (\u201eEOG\u201d). Dzieje si\u0119 tak zazwyczaj wtedy, gdy podmiot wsp\u00f3\u0142pracuj\u0105cy z nami \u015bwiadczy swoje us\u0142ugi poza EOG. Ka\u017cda taka sytuacja b\u0119dzie dokonywana zgodnie z obowi\u0105zuj\u0105cymi przepisami prawa. Maj\u0105 Pa\u0144stwo prawo do otrzymania kopii swoich danych osobowych przekazanych do pa\u0144stwa trzeciego. Zapewnimy odpowiedni poziom ochrony Pa\u0144stwa danych osobowych. Mo\u017ce to r\u00f3wnie\u017c obejmowa\u0107 stosowanie standardowych klauzul umownych dotycz\u0105cych przekazywania danych osobowych, przyj\u0119tych przez Komisj\u0119 Europejsk\u0105, kt\u00f3re zapewniaj\u0105 odpowiedni\u0105 ochron\u0119 danych osobowych.&nbsp;<\/span><\/div>\n<div><span style=\"background-color: var(--ast-global-color-4);\">Ponadto Komisja Europejska przyj\u0119\u0142a decyzj\u0119 wdra\u017caj\u0105c\u0105 porozumienie Privacy Shield, w kt\u00f3rej stwierdzono, \u017ce Stany Zjednoczone zapewniaj\u0105 odpowiedni poziom ochrony danych osobowych przekazywanych z UE.&nbsp;<\/span><\/div>\n<div><span style=\"background-color: var(--ast-global-color-4);\">Korzystamy tak\u017ce z narz\u0119dzi Google Analytics od Google LLC, 1600 Amphitheate Parkway, Mountain View, CA 94043, United States, w celu analizowania sposobu korzystania z naszej strony internetowej. Google LLC tak\u017ce posiada certyfikat Privacy Shield. Tutaj mo\u017cna uzyska\u0107 wi\u0119cej informacji na temat polityki prywatno\u015bci Google https:\/\/policies.google.com\/privacy?hl=pl. Wi\u0119cej o Google Analytics w cz\u0119\u015bci \u201ePliki cookie i inne technologie\u201d.&nbsp;<\/span><\/div>\n<div><span style=\"font-size: 13px;\">&nbsp;<\/span><\/div><div><span style=\"font-size: 13px;\"><br><\/span><\/div>\n<div><span style=\"font-size: 13px;\"><b>VIII. PA\u0143STWA PRAWA&nbsp;<\/b><\/span><\/div><div><span style=\"font-size: 13px;\"><b><br><\/b><\/span><\/div>\n<div><span style=\"font-size: 13px;\">Zgodnie z przepisami o ochronie danych osobowych i okre\u015blonymi w nich ograniczeniami, przys\u0142uguj\u0105 Pa\u0144stwu nast\u0119puj\u0105ce prawa:&nbsp;<\/span><\/div><div><span style=\"font-size: 13px;\"><br><\/span><\/div>\n<div><span style=\"font-size: 13px;\">1. prawo dost\u0119pu do Pa\u0144stwa danych osobowych \u2013&nbsp; maj\u0105 Pa\u0144stwo prawo dost\u0119pu do swoich danych osobowych oraz do otrzymania kopii przechowywanych przez nas danych osobowych, a tak\u017ce szczeg\u00f3\u0142owych informacji o sposobie ich przetwarzania;&nbsp;<\/span><\/div>\n<div><span style=\"font-size: 13px;\">2. prawo do sprostowania Pa\u0144stwa danych osobowych \u2013&nbsp; maj\u0105 Pa\u0144stwo prawo do sprostowania swoich danych osobowych, je\u015bli s\u0105 one niedok\u0142adne lub niekompletne;&nbsp;<\/span><\/div>\n<div><span style=\"font-size: 13px;\">3. prawo do usuni\u0119cia Pa\u0144stwa danych osobowych (prawo do bycia zapomnianym) \u2013 maj\u0105 Pa\u0144stwo prawo za\u017c\u0105da\u0107 od nas usuni\u0119cia swoich danych osobowych, je\u017celi nie ma powodu do ich dalszego przez nas przetwarzania. Jednak nie zawsze mo\u017cemy ca\u0142kowicie usun\u0105\u0107 Pa\u0144stwa dane osobowe, na przyk\u0142ad wtedy, gdy s\u0105 nam one nadal potrzebne do wype\u0142nienia obowi\u0105zk\u00f3w prawnych lub do rozpatrzenia roszcze\u0144. O takiej sytuacji zostan\u0105 Pa\u0144stwo powiadomieni w odpowiedzi na Pa\u0144stwa \u017c\u0105danie;&nbsp;<\/span><\/div><div><span style=\"font-size: 13px;\">4. prawo do ograniczenia przetwarzania Pa\u0144stwa danych osobowych \u2013 uprawnia do za\u017c\u0105dania ograniczenia przetwarzania danych osobowych w pewnych sytuacjach, na przyk\u0142ad gdy zakwestionowali Pa\u0144stwo prawdziwo\u015b\u0107 swoich danych osobowych lub sprzeciwili si\u0119 przetwarzaniu przez nas Pa\u0144stwa danych, ograniczenie to obowi\u0105zuje przez okres umo\u017cliwiaj\u0105cy Administratorowi sprawdzenie prawid\u0142owo\u015bci danych osobowych;&nbsp;<\/span><\/div><div><span style=\"font-size: 13px;\">5. prawo do przenoszenia danych \u2013 maj\u0105 Pa\u0144stwo prawo do otrzymania cyfrowej kopii swoich danych osobowych. Maj\u0105 Pa\u0144stwo r\u00f3wnie\u017c prawo do \u017c\u0105dania przekazania swoich danych osobowych innemu administratorowi danych. Prawo to jest ograniczone do sytuacji, w kt\u00f3rych przetwarzanie danych odbywa si\u0119 w spos\u00f3b zautomatyzowany i dotyczy danych osobowych przetwarzanych na podstawie zgody u\u017cytkownika lub na podstawie umowy;&nbsp;<\/span><\/div><div><span style=\"font-size: 13px;\">6. prawo do sprzeciwu wobec przetwarzania danych osobowych \u2013 maj\u0105 Pa\u0144stwo prawo do sprzeciwu wobec przetwarzania Pa\u0144stwa danych osobowych w dowolnym momencie, z powod\u00f3w zwi\u0105zanych z Pa\u0144stwa szczeg\u00f3ln\u0105 sytuacj\u0105. W takim przypadku nie jeste\u015bmy ju\u017c uprawnieni do przetwarzania Pa\u0144stwa danych osobowych, chyba \u017ce wyka\u017cemy istnienie wa\u017cnych prawnie uzasadnionych podstaw do przetwarzania, nadrz\u0119dnych wobec Pa\u0144stwa interes\u00f3w, praw i wolno\u015bci, lub podstaw do ustalenia, dochodzenia lub obrony roszcze\u0144. Maj\u0105 Pa\u0144stwo r\u00f3wnie\u017c prawo do sprzeciwu wobec przetwarzania Pa\u0144stwa danych osobowych w celach marketingu bezpo\u015bredniego;&nbsp;<\/span><\/div><div><span style=\"font-size: 13px;\">7. prawo do niepodlegania decyzji opartej wy\u0142\u0105cznie na zautomatyzowanym przetwarzaniu, w tym profilowaniu \u2013 maj\u0105 Pa\u0144stwo prawo za\u017c\u0105da\u0107 od nas interwencji, je\u017celi decyzja oparta na profilowaniu wywo\u0142uje skutki prawne dla Pa\u0144stwa lub wp\u0142ywa na Pa\u0144stwa w podobny znacz\u0105cy spos\u00f3b;&nbsp;<\/span><\/div><div><span style=\"font-size: 13px;\">8. prawo do z\u0142o\u017cenia skargi \u2013 w przypadku jakichkolwiek skarg dotycz\u0105cych sposobu przetwarzania przez nas Pa\u0144stwa danych, maj\u0105 Pa\u0144stwo prawo do z\u0142o\u017cenia skargi do organu nadzorczego. W Polsce w\u0142a\u015bciwym organem jest Prezes Urz\u0119du Ochrony Danych Osobowych.&nbsp;<\/span><\/div><div><span style=\"font-size: 13px;\"><br><\/span><\/div><div><span style=\"font-size: 13px;\">Na wszelkie Pa\u0144stwa \u017c\u0105dania odpowiemy bez zb\u0119dnej zw\u0142oki, najp\u00f3\u017aniej w ci\u0105gu jednego miesi\u0105ca od daty jego otrzymania. Okres ten mo\u017ce zosta\u0107 w razie potrzeby przed\u0142u\u017cony o dwa kolejne miesi\u0105ce, bior\u0105c pod uwag\u0119 z\u0142o\u017cono\u015b\u0107 i liczb\u0119 wniosk\u00f3w. Powiadomimy Pa\u0144stwa o ka\u017cdym takim przed\u0142u\u017ceniu w ci\u0105gu jednego miesi\u0105ca od otrzymania Pa\u0144stwa wniosku wraz z podaniem przyczyn op\u00f3\u017anienia.&nbsp;<\/span><\/div>\n<div><span style=\"font-size: 13px;\">&nbsp;<\/span><\/div>\n<div><span style=\"font-size: 13px;\"><b>IX. ODMOWA PODANIA DANYCH OSOBOWYCH&nbsp;<\/b><\/span><\/div><div><span style=\"font-size: 13px;\"><b><br><\/b><\/span><\/div>\n<div><span style=\"font-size: 13px;\">Podanie danych osobowych w naszym Sklepie jest dobrowolne, jednak konieczne w celu korzystania z wi\u0119kszo\u015bci funkcjonalno\u015bci naszego Sklepu, w szczeg\u00f3lno\u015bci w celu z\u0142o\u017cenia zam\u00f3wienia i wykonania umowy czy te\u017c subskrybowania Newslettera. Niepodanie danych osobowych mo\u017ce skutkowa\u0107 niemo\u017cliwo\u015bci\u0105 wykonania wi\u0119kszo\u015bci czynno\u015bci na naszej stronie internetowej.<\/span><\/div>\n<div><span style=\"font-size: 13px;\">&nbsp;<\/span><\/div><div><span style=\"font-size: 13px;\"><br><\/span><\/div>\n<div><span style=\"font-size: 13px;\"><b>X. STOSOWANE TECHNOLOGIE, PLIKI COOKIES&nbsp;<\/b><\/span><\/div>\n<div><span style=\"font-size: 13px;\">Nasza strona internetowa, jak wi\u0119kszo\u015b\u0107 innych, korzysta z plik\u00f3w cookies. Pliki cookies to niewielkie pliki z informacjami, kt\u00f3re pozwalaj\u0105 naszej stronie internetowej rozpozna\u0107 urz\u0105dzenie u\u017cytkownika i s\u0105 pobierane na urz\u0105dzenie u\u017cytkownika podczas jego wizyty na stronie internetowej (je\u015bli u\u017cytkownik wyrazi na to zgod\u0119). Pliki cookies s\u0105 nast\u0119pnie wysy\u0142ane z powrotem na nasz\u0105 stron\u0119 internetow\u0105 przy ka\u017cdej kolejnej wizycie lub na inn\u0105 stron\u0119, kt\u00f3ra rozpoznaje tego typu pliki.&nbsp;<\/span><\/div><div><span style=\"font-size: 13px;\"><br><\/span><\/div><div><span style=\"font-size: 13px;\">Uzyskiwanie i przechowywanie informacji za pomoc\u0105 plik\u00f3w cookies jest mo\u017cliwe na podstawie Pa\u0144stwa zgody. Podczas pierwszej wizyty na naszej stronie internetowej przedstawiamy Pa\u0144stwu informacje na temat korzystania z plik\u00f3w cookies i poprosimy o ich akceptacj\u0119.&nbsp;<\/span><\/div><div><span style=\"font-size: 13px;\"><br><\/span><\/div><div><span style=\"font-size: 13px;\">Pliki cookies wykorzystujemy do nast\u0119puj\u0105cych cel\u00f3w:&nbsp;<\/span><\/div><div><span style=\"font-size: 13px;\"><br><\/span><\/div><div><span style=\"font-size: 13px;\">1. dostosowanie zawarto\u015bci strony internetowej do preferencji u\u017cytkownik\u00f3w i doskonalenie user experience,&nbsp;<\/span><\/div><div><span style=\"font-size: 13px;\">2. rozpoznanie urz\u0105dzenia u\u017cytkownika i utrzymanie sesji po zalogowaniu si\u0119 do Konta,&nbsp;<\/span><\/div><div><span style=\"font-size: 13px;\">3. tworzenie statystyk pozwalaj\u0105cych na rozw\u00f3j Sklepu i produkt\u00f3w oraz lepsze zrozumienie potrzeby Klient\u00f3w,&nbsp;<\/span><\/div><div><span style=\"font-size: 13px;\">4. wy\u015bwietlanie reklam oferowanych przez nas produkt\u00f3w oraz dostosowanie ich zawarto\u015bci do preferencji Klient\u00f3w,&nbsp;<\/span><\/div><div><span style=\"font-size: 13px;\"><br><\/span><\/div><div><span style=\"font-size: 13px;\">Na naszej stronie internetowej stosujemy dwa podstawowe rodzaje plik\u00f3w cookies:&nbsp;<\/span><\/div><div><span style=\"font-size: 13px;\"><br><\/span><\/div><div><span style=\"font-size: 13px;\">1. sesyjne pliki cookies \u2013 tymczasowe pliki przechowywane na urz\u0105dzeniu u\u017cytkownika do momentu wylogowania si\u0119 lub zako\u0144czenia sesji,&nbsp;<\/span><\/div><div><span style=\"font-size: 13px;\">2. trwa\u0142e pliki cookies \u2013 pliki przechowywane na urz\u0105dzeniu u\u017cytkownika przez okres okre\u015blony w parametrach pliku lub do momentu ich usuni\u0119cia. Informacje z nich pochodz\u0105ce b\u0119d\u0105 przekazywane do serwera przy ka\u017cdej wizycie u\u017cytkownika w Sklepie internetowym.&nbsp;<\/span><\/div><div><span style=\"font-size: 13px;\"><br><\/span><\/div><div><span style=\"font-size: 13px;\">Opr\u00f3cz plik\u00f3w cookies, kt\u00f3re nale\u017c\u0105 do naszej domeny, nasza strona internetowa mo\u017ce r\u00f3wnie\u017c korzysta\u0107 z plik\u00f3w cookies os\u00f3b trzecich. Wynika to z tego, \u017ce osoby trzecie udost\u0119pniaj\u0105 nam pewne funkcje niezb\u0119dne do prawid\u0142owego funkcjonowania naszej strony internetowej. Korzystamy z us\u0142ug nast\u0119puj\u0105cych firm, kt\u00f3re u\u017cywaj\u0105 plik\u00f3w cookie na naszej stronie internetowej:&nbsp;<\/span><\/div><div><span style=\"font-size: 13px;\"><br><\/span><\/div><div><span style=\"font-size: 13px;\">1. Google Analytics &#8211; narz\u0119dzie do analizy grona u\u017cytkownik\u00f3w strony internetowej. Gromadzi informacje o lokalizacji (na podstawie adresu IP) oraz zachowaniu u\u017cytkownik\u00f3w na stronie (na podstawie plik\u00f3w cookies)). Google nie wykorzystuje zebranych danych do identyfikacji U\u017cytkownika ani nie \u0142\u0105czy tych informacji w celu umo\u017cliwienia identyfikacji. Szczeg\u00f3\u0142owe informacje o zakresie i zasadach zbierania danych w zwi\u0105zku z t\u0105 us\u0142ug\u0105 mo\u017cna znale\u017a\u0107 pod linkiem: https:\/\/www.google.com\/intl\/pl\/policies\/privacy\/partners.&nbsp;<\/span><\/div><div><span style=\"font-size: 13px;\">2. Google Tag Manager &#8211; narz\u0119dzie pozwalaj\u0105ce zarz\u0105dza\u0107 skryptami na stronie internetowej. Dzi\u0119ki niemu mo\u017cna instalowa\u0107 na stronie internetowej r\u00f3\u017cne rodzaje skrypt\u00f3w. Dotyczy to m.in. skrypt\u00f3w zwi\u0105zanych ze zgodami udzielonymi przez U\u017cytkownika, skrypt\u00f3w \u015bledz\u0105cych zachowanie U\u017cytkownika przez narz\u0119dzia analityczne takie jak Google Analytics, czy \u015bledzenia konwersji z system\u00f3w reklamowych takich jak Google Ads. W zwi\u0105zku z wykorzystaniem narz\u0119dzia, Google zbiera zagregowane dane dotycz\u0105ce uruchamiania tych skrypt\u00f3w, bez mo\u017cliwo\u015bci identyfikacji konkretnego U\u017cytkownika. Szczeg\u00f3\u0142owe informacje o zakresie i zasadach zbierania danych w zwi\u0105zku z t\u0105 us\u0142ug\u0105 mo\u017cna znale\u017a\u0107 pod linkiem: https:\/\/www.google.com\/analytics\/terms\/tag-manager\/.&nbsp;<\/span><\/div><div><span style=\"font-size: 13px;\">3. Google Ads to narz\u0119dzie umo\u017cliwiaj\u0105ce mierzenie skuteczno\u015bci kampanii reklamowych, pozwalaj\u0105c na analityk\u0119 takich danych jak np. s\u0142owa kluczowe czy liczb\u0119 user\u00f3w lub konwersji. Platforma Google Ads pozwala te\u017c na wy\u015bwietlanie reklam osobom, kt\u00f3re odwiedzi\u0142y ju\u017c Serwis. Informacje na temat przetwarzania danych przez Google w zakresie tej us\u0142ugi dost\u0119pne s\u0105 pod linkiem: https:\/\/policies.google.com\/technologies\/ads?hl=pl.&nbsp;<\/span><\/div><div><span style=\"font-size: 13px;\">4. Piksele Facebooka to narz\u0119dzia pozwalaj\u0105ce na mierzenie efektywno\u015bci kampanii reklamowych w systemach firmy Metaverse. Narz\u0119dzie pozwala analizowa\u0107 dane w celu optymalizacji dzia\u0142a\u0144, tak\u017ce z wykorzystaniem innych narz\u0119dzi oferowanych przez Metaverse. Szczeg\u00f3\u0142owe informacje na temat przetwarzania danych przez Metaverse mo\u017cna znale\u017a\u0107 pod tym linkiem: https:\/\/pl-pl.facebook.com\/help\/443357099140264?helpref=about_content.&nbsp;<\/span><\/div><div><span style=\"font-size: 13px;\"><br><\/span><\/div><div><span style=\"font-size: 13px;\">Wi\u0119kszo\u015b\u0107 stosowanych przez u\u017cytkownik\u00f3w przegl\u0105darek internetowych domy\u015blnie pozwala na zapisywanie plik\u00f3w cookies na urz\u0105dzeniu u\u017cytkownika. W ka\u017cdym momencie mo\u017cna zarz\u0105dza\u0107 korzystaniem z plik\u00f3w cookies, w tym blokowaniem i usuwaniem, korzystaj\u0105c z ustawie\u0144 prywatno\u015bci w Sklepie internetowym lub w Pa\u0144stwa przegl\u0105darce. Mog\u0105 Pa\u0144stwo r\u00f3wnie\u017c zablokowa\u0107 tylko pliki cookies os\u00f3b trzecich, akceptuj\u0105c pliki cookie u\u017cywane bezpo\u015brednio przez Administratora. Zwracamy uwag\u0119, \u017ce wy\u0142\u0105czenie lub ograniczenie korzystania z plik\u00f3w cookies mo\u017ce spowodowa\u0107 trudno\u015bci w korzystaniu z naszej strony internetowej i wp\u0142yn\u0105\u0107 na niekt\u00f3re dost\u0119pne funkcje.&nbsp;<\/span><\/div>\n<div><span style=\"font-size: 13px;\">&nbsp;<\/span><\/div><div><span style=\"font-size: 13px;\"><br><\/span><\/div>\n<div><span style=\"font-size: 13px;\"><b>XI. ZMIANY POLITYKI PRYWATNO\u015aCI&nbsp;<\/b><\/span><\/div><div><span style=\"font-size: 13px;\"><b><br><\/b><\/span><\/div>\n<div><span style=\"font-size: 13px;\">Niniejsza wersja Polityki prywatno\u015bci obowi\u0105zuje od dnia 1 grudnia 2020 r. Niniejsza Polityka prywatno\u015bci mo\u017ce by\u0107 zmieniana stosownie do potrzeb, na przyk\u0142ad w celu dostosowania si\u0119 do nowych wymog\u00f3w na\u0142o\u017conych przez obowi\u0105zuj\u0105ce prawo, w szczeg\u00f3lno\u015bci bior\u0105c pod uwag\u0119 ochron\u0119 danych osobowych lub praw konsument\u00f3w lub z powodu wymog\u00f3w technicznych. O wszelkich zmianach w niniejszej Polityce prywatno\u015bci b\u0119dziemy Pa\u0144stwa informowa\u0107 na naszej stronie internetowej.&nbsp;<\/span><\/div>\n<div><span style=\"font-size: 13px;\">&nbsp;<\/span><\/div><div><span style=\"font-size: 13px;\"><br><\/span><\/div>\n<div><span style=\"font-size: 13px;\"><b>XII. DANE KONTAKTOWE<\/b><\/span><\/div><div><span style=\"font-size: 13px;\"><b><br><\/b><\/span><\/div>\n<div><span style=\"font-size: 13px;\">W przypadku jakichkolwiek pyta\u0144, uwag, skarg lub w\u0105tpliwo\u015bci dotycz\u0105cych Polityki prywatno\u015bci, Pa\u0144stwa danych osobowych i sposobu ich ochrony oraz przetwarzania, zapraszamy do kontaktu z Administratorem w nast\u0119puj\u0105cy spos\u00f3b:&nbsp;<\/span><\/div><div><span style=\"font-size: 13px;\">1. poczt\u0105 tradycyjn\u0105: ul. Andyjska 14, 71-497 Szczecin&nbsp;<\/span><\/div><div><span style=\"font-size: 13px;\">2. poczt\u0105 elektroniczn\u0105: kontakt@choinkaonline.pl&nbsp;<\/span><\/div>\n<div><span style=\"font-size: 13px;\">&nbsp;<\/span><\/div>\n<p><span style=\"font-style: inherit; background-color: var(--ast-global-color-4);\">&nbsp;<\/span><\/p>\n<p><\/p>\n<\/div>\t\t\t\t\t\t\t\t<\/div>\n\t\t\t\t<\/div>\n\t\t\t\t\t<\/div>\n\t\t<\/div>\n\t\t\t\t\t<\/div>\n\t\t<\/section>\n\t\t\t\t<\/div>\n\t\t","protected":false},"excerpt":{"rendered":"<p>POLITYKA PRYWATNO\u015aCI Polityka prywatno\u015bci www.choinkaonline.pl z dnia 1 grudnia 2020 r.&nbsp; Poni\u017cej przedstawiamy informacje dotycz\u0105ce przetwarzania Pa\u0144stwa danych osobowych w zwi\u0105zku z korzystaniem z naszego sklepu internetowego na stronie www.choinkaonline.pl (\u201eSklep\u201d) i sk\u0142adaniem zam\u00f3wie\u0144 za po\u015brednictwem Sklepu. Zgodnie z obowi\u0105zuj\u0105cymi przepisami dbamy o bezpiecze\u0144stwo Pa\u0144stwa danych osobowych. Wykorzystujemy te dane wy\u0142\u0105cznie z prawnie uzasadnionych celach, [&hellip;]<\/p>\n","protected":false},"author":4,"featured_media":0,"parent":0,"menu_order":0,"comment_status":"closed","ping_status":"closed","template":"","meta":{"site-sidebar-layout":"no-sidebar","site-content-layout":"page-builder","ast-site-content-layout":"full-width-container","site-content-style":"unboxed","site-sidebar-style":"unboxed","ast-global-header-display":"","ast-banner-title-visibility":"","ast-main-header-display":"","ast-hfb-above-header-display":"","ast-hfb-below-header-display":"","ast-hfb-mobile-header-display":"","site-post-title":"disabled","ast-breadcrumbs-content":"","ast-featured-img":"disabled","footer-sml-layout":"","theme-transparent-header-meta":"","adv-header-id-meta":"","stick-header-meta":"","header-above-stick-meta":"","header-main-stick-meta":"","header-below-stick-meta":"","astra-migrate-meta-layouts":"set","ast-page-background-enabled":"default","ast-page-background-meta":{"desktop":{"background-color":"var(--ast-global-color-4)","background-image":"","background-repeat":"repeat","background-position":"center center","background-size":"auto","background-attachment":"scroll","background-type":"","background-media":"","overlay-type":"","overlay-color":"","overlay-opacity":"","overlay-gradient":""},"tablet":{"background-color":"","background-image":"","background-repeat":"repeat","background-position":"center center","background-size":"auto","background-attachment":"scroll","background-type":"","background-media":"","overlay-type":"","overlay-color":"","overlay-opacity":"","overlay-gradient":""},"mobile":{"background-color":"","background-image":"","background-repeat":"repeat","background-position":"center center","background-size":"auto","background-attachment":"scroll","background-type":"","background-media":"","overlay-type":"","overlay-color":"","overlay-opacity":"","overlay-gradient":""}},"ast-content-background-meta":{"desktop":{"background-color":"var(--ast-global-color-5)","background-image":"","background-repeat":"repeat","background-position":"center center","background-size":"auto","background-attachment":"scroll","background-type":"","background-media":"","overlay-type":"","overlay-color":"","overlay-opacity":"","overlay-gradient":""},"tablet":{"background-color":"var(--ast-global-color-5)","background-image":"","background-repeat":"repeat","background-position":"center center","background-size":"auto","background-attachment":"scroll","background-type":"","background-media":"","overlay-type":"","overlay-color":"","overlay-opacity":"","overlay-gradient":""},"mobile":{"background-color":"var(--ast-global-color-5)","background-image":"","background-repeat":"repeat","background-position":"center center","background-size":"auto","background-attachment":"scroll","background-type":"","background-media":"","overlay-type":"","overlay-color":"","overlay-opacity":"","overlay-gradient":""}},"footnotes":""},"class_list":["post-6044","page","type-page","status-publish","hentry"],"yoast_head":"<!-- This site is optimized with the Yoast SEO plugin v26.3 - https:\/\/yoast.com\/wordpress\/plugins\/seo\/ -->\n<title>Polityka prywatno\u015bci - Choinki \u017cywe Gda\u0144sk 2025<\/title>\n<meta name=\"robots\" content=\"index, follow, max-snippet:-1, max-image-preview:large, max-video-preview:-1\" \/>\n<link rel=\"canonical\" href=\"https:\/\/choinkaonline.pl\/polityka-prywatnosci\/\" \/>\n<meta property=\"og:locale\" content=\"pl_PL\" \/>\n<meta property=\"og:type\" content=\"article\" \/>\n<meta property=\"og:title\" content=\"Polityka prywatno\u015bci - Choinki \u017cywe Gda\u0144sk 2025\" \/>\n<meta property=\"og:description\" content=\"POLITYKA PRYWATNO\u015aCI Polityka prywatno\u015bci www.choinkaonline.pl z dnia 1 grudnia 2020 r.&nbsp; Poni\u017cej przedstawiamy informacje dotycz\u0105ce przetwarzania Pa\u0144stwa danych osobowych w zwi\u0105zku z korzystaniem z naszego sklepu internetowego na stronie www.choinkaonline.pl (\u201eSklep\u201d) i sk\u0142adaniem zam\u00f3wie\u0144 za po\u015brednictwem Sklepu. Zgodnie z obowi\u0105zuj\u0105cymi przepisami dbamy o bezpiecze\u0144stwo Pa\u0144stwa danych osobowych. Wykorzystujemy te dane wy\u0142\u0105cznie z prawnie uzasadnionych celach, [&hellip;]\" \/>\n<meta property=\"og:url\" content=\"https:\/\/choinkaonline.pl\/polityka-prywatnosci\/\" \/>\n<meta property=\"og:site_name\" content=\"Choinki \u017cywe Gda\u0144sk 2025\" \/>\n<meta property=\"article:modified_time\" content=\"2024-11-11T18:02:35+00:00\" \/>\n<meta name=\"twitter:card\" content=\"summary_large_image\" \/>\n<meta name=\"twitter:label1\" content=\"Szacowany czas czytania\" \/>\n\t<meta name=\"twitter:data1\" content=\"17 minut\" \/>\n<script type=\"application\/ld+json\" class=\"yoast-schema-graph\">{\"@context\":\"https:\/\/schema.org\",\"@graph\":[{\"@type\":\"WebPage\",\"@id\":\"https:\/\/choinkaonline.pl\/gdansk\/polityka-prywatnosci\/\",\"url\":\"https:\/\/choinkaonline.pl\/polityka-prywatnosci\/\",\"name\":\"Polityka prywatno\u015bci - Choinki \u017cywe Gda\u0144sk 2025\",\"isPartOf\":{\"@id\":\"https:\/\/choinkaonline.pl\/gdansk\/#website\"},\"datePublished\":\"2022-11-06T13:50:55+00:00\",\"dateModified\":\"2024-11-11T18:02:35+00:00\",\"breadcrumb\":{\"@id\":\"https:\/\/choinkaonline.pl\/polityka-prywatnosci\/#breadcrumb\"},\"inLanguage\":\"pl-PL\",\"potentialAction\":[{\"@type\":\"ReadAction\",\"target\":[\"https:\/\/choinkaonline.pl\/polityka-prywatnosci\/\"]}]},{\"@type\":\"BreadcrumbList\",\"@id\":\"https:\/\/choinkaonline.pl\/polityka-prywatnosci\/#breadcrumb\",\"itemListElement\":[{\"@type\":\"ListItem\",\"position\":1,\"name\":\"Strona g\u0142\u00f3wna\",\"item\":\"https:\/\/choinkaonline.pl\/gdansk\/\"},{\"@type\":\"ListItem\",\"position\":2,\"name\":\"Polityka prywatno\u015bci\"}]},{\"@type\":\"WebSite\",\"@id\":\"https:\/\/choinkaonline.pl\/gdansk\/#website\",\"url\":\"https:\/\/choinkaonline.pl\/gdansk\/\",\"name\":\"Choinki \u017cywe Gda\u0144sk 2025\",\"description\":\"darmowa dostawa do domu\",\"potentialAction\":[{\"@type\":\"SearchAction\",\"target\":{\"@type\":\"EntryPoint\",\"urlTemplate\":\"https:\/\/choinkaonline.pl\/gdansk\/?s={search_term_string}\"},\"query-input\":{\"@type\":\"PropertyValueSpecification\",\"valueRequired\":true,\"valueName\":\"search_term_string\"}}],\"inLanguage\":\"pl-PL\"}]}<\/script>\n<!-- \/ Yoast SEO plugin. -->","yoast_head_json":{"title":"Polityka prywatno\u015bci - Choinki \u017cywe Gda\u0144sk 2025","robots":{"index":"index","follow":"follow","max-snippet":"max-snippet:-1","max-image-preview":"max-image-preview:large","max-video-preview":"max-video-preview:-1"},"canonical":"https:\/\/choinkaonline.pl\/polityka-prywatnosci\/","og_locale":"pl_PL","og_type":"article","og_title":"Polityka prywatno\u015bci - Choinki \u017cywe Gda\u0144sk 2025","og_description":"POLITYKA PRYWATNO\u015aCI Polityka prywatno\u015bci www.choinkaonline.pl z dnia 1 grudnia 2020 r.&nbsp; Poni\u017cej przedstawiamy informacje dotycz\u0105ce przetwarzania Pa\u0144stwa danych osobowych w zwi\u0105zku z korzystaniem z naszego sklepu internetowego na stronie www.choinkaonline.pl (\u201eSklep\u201d) i sk\u0142adaniem zam\u00f3wie\u0144 za po\u015brednictwem Sklepu. Zgodnie z obowi\u0105zuj\u0105cymi przepisami dbamy o bezpiecze\u0144stwo Pa\u0144stwa danych osobowych. Wykorzystujemy te dane wy\u0142\u0105cznie z prawnie uzasadnionych celach, [&hellip;]","og_url":"https:\/\/choinkaonline.pl\/polityka-prywatnosci\/","og_site_name":"Choinki \u017cywe Gda\u0144sk 2025","article_modified_time":"2024-11-11T18:02:35+00:00","twitter_card":"summary_large_image","twitter_misc":{"Szacowany czas czytania":"17 minut"},"schema":{"@context":"https:\/\/schema.org","@graph":[{"@type":"WebPage","@id":"https:\/\/choinkaonline.pl\/gdansk\/polityka-prywatnosci\/","url":"https:\/\/choinkaonline.pl\/polityka-prywatnosci\/","name":"Polityka prywatno\u015bci - Choinki \u017cywe Gda\u0144sk 2025","isPartOf":{"@id":"https:\/\/choinkaonline.pl\/gdansk\/#website"},"datePublished":"2022-11-06T13:50:55+00:00","dateModified":"2024-11-11T18:02:35+00:00","breadcrumb":{"@id":"https:\/\/choinkaonline.pl\/polityka-prywatnosci\/#breadcrumb"},"inLanguage":"pl-PL","potentialAction":[{"@type":"ReadAction","target":["https:\/\/choinkaonline.pl\/polityka-prywatnosci\/"]}]},{"@type":"BreadcrumbList","@id":"https:\/\/choinkaonline.pl\/polityka-prywatnosci\/#breadcrumb","itemListElement":[{"@type":"ListItem","position":1,"name":"Strona g\u0142\u00f3wna","item":"https:\/\/choinkaonline.pl\/gdansk\/"},{"@type":"ListItem","position":2,"name":"Polityka prywatno\u015bci"}]},{"@type":"WebSite","@id":"https:\/\/choinkaonline.pl\/gdansk\/#website","url":"https:\/\/choinkaonline.pl\/gdansk\/","name":"Choinki \u017cywe Gda\u0144sk 2025","description":"darmowa dostawa do domu","potentialAction":[{"@type":"SearchAction","target":{"@type":"EntryPoint","urlTemplate":"https:\/\/choinkaonline.pl\/gdansk\/?s={search_term_string}"},"query-input":{"@type":"PropertyValueSpecification","valueRequired":true,"valueName":"search_term_string"}}],"inLanguage":"pl-PL"}]}},"_links":{"self":[{"href":"https:\/\/choinkaonline.pl\/gdansk\/wp-json\/wp\/v2\/pages\/6044","targetHints":{"allow":["GET"]}}],"collection":[{"href":"https:\/\/choinkaonline.pl\/gdansk\/wp-json\/wp\/v2\/pages"}],"about":[{"href":"https:\/\/choinkaonline.pl\/gdansk\/wp-json\/wp\/v2\/types\/page"}],"author":[{"embeddable":true,"href":"https:\/\/choinkaonline.pl\/gdansk\/wp-json\/wp\/v2\/users\/4"}],"replies":[{"embeddable":true,"href":"https:\/\/choinkaonline.pl\/gdansk\/wp-json\/wp\/v2\/comments?post=6044"}],"version-history":[{"count":14,"href":"https:\/\/choinkaonline.pl\/gdansk\/wp-json\/wp\/v2\/pages\/6044\/revisions"}],"predecessor-version":[{"id":8441,"href":"https:\/\/choinkaonline.pl\/gdansk\/wp-json\/wp\/v2\/pages\/6044\/revisions\/8441"}],"wp:attachment":[{"href":"https:\/\/choinkaonline.pl\/gdansk\/wp-json\/wp\/v2\/media?parent=6044"}],"curies":[{"name":"wp","href":"https:\/\/api.w.org\/{rel}","templated":true}]}}